{"id":1036,"date":"2018-03-03T20:39:50","date_gmt":"2018-03-03T19:39:50","guid":{"rendered":"http:\/\/entropie.org\/maths-sciences\/?page_id=1036"},"modified":"2023-07-06T23:33:41","modified_gmt":"2023-07-06T21:33:41","slug":"autres","status":"publish","type":"page","link":"https:\/\/entropie.org\/maths-sciences\/index.php\/liens\/autres\/","title":{"rendered":"Autres"},"content":{"rendered":"<p><strong>Institution<\/strong><\/p>\n<p><a href=\"https:\/\/www.fonction-publique.gouv.fr\/biep\" rel=\"noopener noreferrer\" target=\"_blank\">BIEP<\/a><br \/>\n<a href=\"https:\/\/www.galaxie.enseignementsup-recherche.gouv.fr\/ensup\/candidats.html\" rel=\"noopener noreferrer\" target=\"_blank\">Galaxie des personnels du sup\u00e9rieur<\/a> => <a href=\"https:\/\/www.galaxie.enseignementsup-recherche.gouv.fr\/ensup\/ListesPostesPublies\/Emplois_publies_2nd_TrieParDiscipline.html\" rel=\"noopener noreferrer\" target=\"_blank\">Liste des postes<\/a><br \/>\n<a href=\"http:\/\/www.inspe-bretagne.fr\" target=\"_blank\" rel=\"noopener noreferrer\">INSP&Eacute;&nbsp;(Bretagne)<\/a> : Institut National Sup&eacute;rieur du Professorat et de l&rsquo;&Eacute;ducation<br \/>\n<a href=\"http:\/\/www.legifrance.gouv.fr\" target=\"_blank\" rel=\"noopener noreferrer\">Journal Officiel<\/a><br \/>\n<a href=\"http:\/\/www.education.gouv.fr\" target=\"_blank\" rel=\"noopener noreferrer\">Minist&egrave;re<\/a> => <a href=\"https:\/\/www.education.gouv.fr\/le-bulletin-officiel-de-l-education-nationale-89558\" target=\"_blank\" rel=\"noopener noreferrer\">BO<\/a> \/ <a href=\"http:\/\/www.education.gouv.fr\/pid25058\/le-calendrier-scolaire.html\" target=\"_blank\" rel=\"noopener noreferrer\">Calendrier scolaire<\/a> \/ <a href=\"https:\/\/ensap.gouv.fr\" rel=\"noopener noreferrer\" target=\"_blank\">ENSAP<\/a> \/ <a href=\"https:\/\/www.education.gouv.fr\/etudes-et-statistiques\" target=\"_blank\" rel=\"noopener noreferrer\">Statistiques<\/a> \/ <a href=\"http:\/\/www.education.gouv.fr\/pid23933\/indicateurs-resultats-des-lycees.html?lycee=&#038;ville=ST+BRIEUC&#038;departement=22&#038;num=&#038;annee=10&#038;type=0&#038;validation=1\" rel=\"noopener noreferrer\" target=\"_blank\">R\u00e9sultats des lyc\u00e9es<\/a><br \/>\n<a href=\"http:\/\/parcoursup.fr\" target=\"_blank\" rel=\"noopener noreferrer\">Parcoursup<\/a> => <a href=\"http:\/\/gestion.parcoursup.fr\" rel=\"noopener\" target=\"_blank\">Gestion<\/a><br \/>\n<a href=\"https:\/\/pix.fr\/\" rel=\"noopener noreferrer\" target=\"_blank\">Pix<\/a> => <a href=\"https:\/\/orga.pix.fr\/\" rel=\"noopener noreferrer\" target=\"_blank\">Pix Orga<\/a><br \/>\n<a href=\"http:\/\/www.ac-rennes.fr\" target=\"_blank\" rel=\"noopener noreferrer\">Rectorat (Rennes)<\/a> => <a href=\"http:\/\/www.toutatice.fr\" target=\"_blank\" rel=\"noopener noreferrer\">Toutatice<\/a> \/ <a href=\"https:\/\/webmail.ac-rennes.fr\" rel=\"noopener noreferrer\" target=\"_blank\">Webmail<\/a> \/ <a href=\"https:\/\/portail.ac-rennes.fr\/iprof\/ServletIprof\" rel=\"noopener noreferrer\" target=\"_blank\">I-prof<\/a> \/ <a href=\"https:\/\/bv.ac-rennes.fr\/iprofessionnel\" rel=\"noopener noreferrer\" target=\"_blank\">I-professionnel<\/a> \/ <a href=\"https:\/\/portail.ac-rennes.fr\/imagin\/enseignant\" rel=\"noopener noreferrer\" target=\"_blank\">Imagin<\/a> \/ <a href=\"https:\/\/portail.ac-rennes.fr\/sofia-fmo-acad\/\" rel=\"noopener\" target=\"_blank\">Sofia-FMO<\/a> \/ <a href=\"https:\/\/ocean.ac-rennes.fr\/lotanet\/collecte\" rel=\"noopener noreferrer\" target=\"_blank\">Lotanet<\/a> \/  <a href=\"http:\/\/publires.ac-rennes.fr\/publinet\/resultats\" target=\"_blank\" rel=\"noopener noreferrer\">Publinet<\/a> \/ <a href=\"https:\/\/cyclades.education.gouv.fr\/candidat\/publication\/accueil\" rel=\"noopener noreferrer\" target=\"_blank\">Cyclades<\/a> \/ <a href=\"https:\/\/ocean.ac-rennes.fr\/inscrinetCE2\/\" rel=\"noopener noreferrer\" target=\"_blank\">Inscrinet<\/a><\/p>\n<p><strong>Orientation<\/strong><\/p>\n<p><a href=\"http:\/\/www.letudiant.fr\" target=\"_blank\" rel=\"noopener noreferrer\">Etudiant (L&rsquo;)<\/a><br \/>\n<a href=\"https:\/\/classement-lycees.etudiant.lefigaro.fr\" target=\"_blank\" rel=\"noopener noreferrer\">Classement des lyc\u00e9es (Figaro Etudiant)<\/a><br \/>\n<a href=\"https:\/\/etudiant.lefigaro.fr\/article\/classement-des-meilleurs-colleges-de-france_54b5f236-9b5f-11e9-a593-2920f9a29ac8\/\" target=\"_blank\" rel=\"noopener noreferrer\">Classement des coll\u00e8ges (Figaro Etudiant)<\/a><br \/>\n<a href=\"https:\/\/www.france-examen.com\" rel=\"noopener noreferrer\" target=\"_blank\">France examen<\/a> : R\u00e9sultats aux examens<br \/>\n<a href=\"http:\/\/www.onisep.fr\" target=\"_blank\" rel=\"noopener noreferrer\">Onisep<\/a><br \/>\n<a href=\"https:\/\/www.orientation-pour-tous.fr\/\" rel=\"noopener noreferrer\" target=\"_blank\">Orientation pour tous<\/a><br \/>\n<a href=\"http:\/\/www.suparmor.fr\" target=\"_blank\" rel=\"noopener noreferrer\">Sup&rsquo;Armor<\/a> : Salon de l&rsquo;Enseignement Sup&eacute;rieur en C&ocirc;tes d&rsquo;Armor<br \/>\n<a href=\"https:\/\/www.youtube.com\/channel\/UCuRCC-yXLlXr4_O2oBUG9lQ\" rel=\"noopener\" target=\"_blank\">Thotis<\/a> : Le m\u00e9dia \u00e9tudiant pour trouver sa voie (YouTube)<\/p>\n<p><strong>Syndicats<\/strong><\/p>\n<p><a href=\"https:\/\/www.sgen-cfdt.fr\" target=\"_blank\" rel=\"noopener noreferrer\">SGEN (CFDT)<\/a> : Syndicat G&eacute;n&eacute;ral de l&rsquo;\u00c9ducation Nationale => <a href=\"https:\/\/bretagne.sgen-cfdt.fr\/\" rel=\"noopener noreferrer\" target=\"_blank\">Bretagne<\/a><br \/>\n<a href=\"http:\/\/www.cgteduc.fr\" target=\"_blank\" rel=\"noopener noreferrer\">UNSEN CGT \u00c9duc&rsquo;action<\/a> : Union Nationale des Syndicats de l&rsquo;\u00c9ducation Nationale => <a href=\"https:\/\/www.cgteducaction22.org\/\" rel=\"noopener noreferrer\" target=\"_blank\">22<\/a><br \/>\n<a href=\"http:\/\/www.snalc.fr\" target=\"_blank\" rel=\"noopener noreferrer\">SNALC (CSEN)<\/a> : Syndicat NAtional des Lyc&eacute;es et Coll&egrave;ges => <a href=\"http:\/\/www.snalcrennes.org\" rel=\"noopener noreferrer\" target=\"_blank\">Bretagne<\/a><br \/>\n<a href=\"http:\/\/www.snetaa.org\" target=\"_blank\" rel=\"noopener noreferrer\">SNETAA (FO)<\/a> : Syndicat National de l&rsquo;Enseignement Technique, Action, Autonome<br \/>\n<a href=\"http:\/\/fo-snfolc.fr\" target=\"_blank\" rel=\"noopener noreferrer\">SNFOLC (FO)<\/a> : Syndicat National Force Ouvri&egrave;re des Lyc&eacute;es et Coll&egrave;ges<br \/>\n<a href=\"http:\/\/idfo.fr\" target=\"_blank\" rel=\"noopener noreferrer\">ID (FO)<\/a> : Ind&eacute;pendance et Direction<br \/>\n<a href=\"http:\/\/www.snuep.fr\" target=\"_blank\" rel=\"noopener noreferrer\">SNUEP (FSU)<\/a> : Syndicat National Unitaire de l&rsquo;Enseignement Professionnel => <a href=\"http:\/\/rennes.snuep.fr\" rel=\"noopener noreferrer\" target=\"_blank\">Bretagne<\/a><br \/>\n<a href=\"http:\/\/www.snes.edu\" target=\"_blank\" rel=\"noopener noreferrer\">SNES (FSU)<\/a> : Syndicat National des Enseignements de Second degr&eacute;<br \/>\n<a href=\"http:\/\/www.sudeducation.org\" target=\"_blank\" rel=\"noopener noreferrer\">SUD \u00c9ducation (Solidaires)<\/a> : Solidaires Unitaires D&eacute;mocratiques => <a href=\"http:\/\/sudeduc22.ouvaton.org\/\" rel=\"noopener noreferrer\" target=\"_blank\">22<\/a><br \/>\n<a href=\"http:\/\/www.se-unsa.org\" target=\"_blank\" rel=\"noopener noreferrer\">SE (UNSA)<\/a> : Syndicat des Enseignants => <a href=\"http:\/\/sections.se-unsa.org\/22\/\" rel=\"noopener noreferrer\" target=\"_blank\">22<\/a><br \/>\n<a href=\"https:\/\/www.snep-unsa.fr\" rel=\"noopener noreferrer\" target=\"_blank\">SNEP (UNSA)<\/a> : Syndicat National de l&rsquo;Enseignement Priv&eacute;<br \/>\n<a href=\"http:\/\/www.snpden.net\" target=\"_blank\" rel=\"noopener noreferrer\">SNPDEN (UNSA)<\/a> : Syndicat National des Personnels de Direction de l&rsquo;\u00c9ducation Nationale<br \/>\n<a href=\"http:\/\/www.sien-unsa-education.org\" target=\"_blank\" rel=\"noopener noreferrer\">SI.EN (UNSA)<\/a> : Syndicat de l&rsquo;Inspection de l&rsquo;\u00c9ducation Nationale<br \/>\n<a href=\"https:\/\/www.snuipp.fr\" rel=\"noopener noreferrer\" target=\"_blank\">SNUipp (FSU)<\/a> : Syndicat National Unitaire des instituteurs, professeurs des \u00e9coles et PEGC<br \/>\n<a href=\"https:\/\/twitter.com\/stylos_les\" rel=\"noopener noreferrer\" target=\"_blank\">Les Stylos Rouges<\/a> : Majoritairement des profs en col\u00e8re<\/p>\n<p><strong>Autres<\/strong><\/p>\n<p><a href=\"https:\/\/blog.juliendelmas.fr\" rel=\"noopener noreferrer\" target=\"_blank\">Blog de Julien Delmas<\/a><\/p>\n<p><strong>Lyc\u00e9es professionnels<\/strong><\/p>\n<p>BCC &#8211; <a href=\"http:\/\/lycee-chaptal-saintbrieuc.fr\" rel=\"noopener noreferrer\" target=\"_blank\">Lyc\u00e9e Chaptal<\/a> (Saint-Brieuc)<br \/>\nBDC &#8211; <a href=\"http:\/\/www.lycee-freyssinet.fr\" rel=\"noopener noreferrer\" target=\"_blank\">Lyc\u00e9e Freyssinet<\/a> (Saint-Brieuc) &#8211; B\u00e2timent et travaux publics<br \/>\nCDD &#8211; <a href=\"https:\/\/www.lyceejeanmoulin.fr\" rel=\"noopener noreferrer\" target=\"_blank\">Lyc\u00e9e Jean Moulin<\/a> (Saint-Brieuc)<br \/>\nBBC &#8211; <a href=\"http:\/\/www.lyceequintin.fr\" rel=\"noopener noreferrer\" target=\"_blank\">Lyc\u00e9e Jean Monnet<\/a> (Quintin) &#8211; 19 km \/ 17 min &#8211; B\u00e2timent<br \/>\nBDC &#8211; <a href=\"http:\/\/www.lyceehenriavril.fr\" rel=\"noopener noreferrer\" target=\"_blank\">Lyc\u00e9e Henri Avril<\/a> (Lamballe) &#8211; 24 km \/ 21 min &#8211; Maintenance de mat\u00e9riels<br \/>\nAAA &#8211; <a href=\"http:\/\/www.lyceelacloserie.fr\" rel=\"noopener noreferrer\" target=\"_blank\">Lyc\u00e9e La Closerie<\/a> (Saint-Quay) &#8211; 24 km \/ 28 min &#8211; H\u00f4tellerie<br \/>\nCBA &#8211; <a href=\"http:\/\/www.lyceedesmetiers-jules-verne-guingamp.ac-rennes.fr\" rel=\"noopener noreferrer\" target=\"_blank\">Lyc\u00e9e Jules Verne<\/a> (Guingamp) &#8211; 31 km \/ 27 min<br \/>\nABC &#8211; <a href=\"http:\/\/www.lycee-fulgence-bienvenue-loudeac.ac-rennes.fr\" rel=\"noopener noreferrer\" target=\"_blank\">Lyc\u00e9e Fulgence Bienven\u00fce<\/a> (Loud\u00e9ac) &#8211; 41 km \/ 33 min<br \/>\nBAA &#8211; <a href=\"http:\/\/www.lyceekerraoul-paimpol.ac-rennes.fr\" rel=\"noopener noreferrer\" target=\"_blank\">Lyc\u00e9e Kerraoul<\/a> (Paimpol) &#8211; 47 km \/ 45 min &#8211; Sanitaire et social<br \/>\nBAA &#8211; <a href=\"http:\/\/www.lp-rosaparks-rostrenen.ac-rennes.fr\" rel=\"noopener noreferrer\" target=\"_blank\">Lyc\u00e9e Rosa Parks<\/a> (Rostrenen) &#8211; 56 km \/ 53 min &#8211; Services \u00e0 la personne et s\u00e9curit\u00e9<br \/>\nAAB &#8211; <a href=\"http:\/\/www.lycee-savina.fr\" rel=\"noopener noreferrer\" target=\"_blank\">Lyc\u00e9e Joseph Savina<\/a> (Tr\u00e9guier) &#8211; 59 km \/ 1 h<br \/>\nBAA &#8211; <a href=\"http:\/\/www.lycees-dinan.fr\" rel=\"noopener noreferrer\" target=\"_blank\">SEP Ker Siam du lyc\u00e9e La fontaine des eaux<\/a> (Dinan) &#8211; 61 km \/ 46 min<br \/>\nBCB &#8211; <a href=\"http:\/\/www.lycees-dinan.fr\" rel=\"noopener noreferrer\" target=\"_blank\">Lyc\u00e9e La fontaine des eaux<\/a> (Dinan) &#8211; 63 km \/ 46 min<br \/>\nCDB &#8211; <a href=\"http:\/\/lycee-ledantec.fr\" rel=\"noopener noreferrer\" target=\"_blank\">Lyc\u00e9e F\u00e9lix Le Dantec<\/a> (Lannion) &#8211; 63 km \/ 49 min<\/p>\n","protected":false},"excerpt":{"rendered":"<p>Institution BIEP Galaxie des personnels du sup\u00e9rieur => Liste des postes INSP&Eacute;&nbsp;(Bretagne) : Institut National Sup&eacute;rieur du Professorat et de l&rsquo;&Eacute;ducation Journal Officiel Minist&egrave;re => BO \/ Calendrier scolaire \/ ENSAP \/ Statistiques \/ R\u00e9sultats des lyc\u00e9es Parcoursup => Gestion Pix => Pix Orga Rectorat (Rennes) => Toutatice \/ Webmail \/ I-prof \/ I-professionnel \/ &hellip; <a href=\"https:\/\/entropie.org\/maths-sciences\/index.php\/liens\/autres\/\" class=\"more-link\">Continuer la lecture<span class=\"screen-reader-text\"> de &laquo;&nbsp;Autres&nbsp;&raquo;<\/span><\/a><\/p>\n","protected":false},"author":2,"featured_media":0,"parent":516,"menu_order":0,"comment_status":"closed","ping_status":"closed","template":"","meta":[],"_links":{"self":[{"href":"https:\/\/entropie.org\/maths-sciences\/index.php\/wp-json\/wp\/v2\/pages\/1036"}],"collection":[{"href":"https:\/\/entropie.org\/maths-sciences\/index.php\/wp-json\/wp\/v2\/pages"}],"about":[{"href":"https:\/\/entropie.org\/maths-sciences\/index.php\/wp-json\/wp\/v2\/types\/page"}],"author":[{"embeddable":true,"href":"https:\/\/entropie.org\/maths-sciences\/index.php\/wp-json\/wp\/v2\/users\/2"}],"replies":[{"embeddable":true,"href":"https:\/\/entropie.org\/maths-sciences\/index.php\/wp-json\/wp\/v2\/comments?post=1036"}],"version-history":[{"count":130,"href":"https:\/\/entropie.org\/maths-sciences\/index.php\/wp-json\/wp\/v2\/pages\/1036\/revisions"}],"predecessor-version":[{"id":3946,"href":"https:\/\/entropie.org\/maths-sciences\/index.php\/wp-json\/wp\/v2\/pages\/1036\/revisions\/3946"}],"up":[{"embeddable":true,"href":"https:\/\/entropie.org\/maths-sciences\/index.php\/wp-json\/wp\/v2\/pages\/516"}],"wp:attachment":[{"href":"https:\/\/entropie.org\/maths-sciences\/index.php\/wp-json\/wp\/v2\/media?parent=1036"}],"curies":[{"name":"wp","href":"https:\/\/api.w.org\/{rel}","templated":true}]}}